{"id":16,"date":"2017-11-10T12:45:58","date_gmt":"2017-11-10T11:45:58","guid":{"rendered":"http:\/\/blog.aragonesadelotes.com\/?page_id=16"},"modified":"2025-10-15T15:25:28","modified_gmt":"2025-10-15T15:25:28","slug":"referencias-de-prensa","status":"publish","type":"page","link":"https:\/\/www.cestalia.com\/blog\/referencias-de-prensa","title":{"rendered":"Referencias de Prensa"},"content":{"rendered":"\n<p>En este apartado incluimos todas las referencias de prensa hechas sobre Cestalia. Cada a\u00f1o, Cestalia se convierte en una empresa de referencia en Arag\u00f3n dentro del sector de los lotes y <a href=\"https:\/\/www.cestalia.com\/\">cestas de navidad<\/a>, y la prensa local se hace eco de ello. Tambi\u00e9n la prensa nacional ha realizado reportajes sobre el tema, y no han dudado en incluirnos en sus art\u00edculos.<\/p>\n\n\n\n<p>Entrevista en <a href=\"https:\/\/www.diariosigloxxi.com\/texto-diario\/mostrar\/5063137\/cestalia-presenta-campana-navidad-2024-cestas-personalizadas-empresas\" rel=\"nofollow noopener\" target=\"_blank\">https:\/\/www.diariosigloxxi.com\/texto-diario\/mostrar\/5063137\/cestalia-presenta-campana-navidad-2024-cestas-personalizadas-empresas<\/a><\/p>\n\n\n\n<p>Entrevista en el Confidencial Digital <a href=\"https:\/\/www.elconfidencialdigital.com\/articulo\/vivir\/empresas-cestas-navidad-resisten-pandemia-mantienen-ventas-ano-pasado\/20201204125737193267.html\" rel=\"nofollow noopener\" target=\"_blank\">https:\/\/www.elconfidencialdigital.com\/articulo\/vivir\/empresas-cestas-navidad-resisten-pandemia-mantienen-ventas-ano-pasado\/20201204125737193267.html<\/a><\/p>\n\n\n\n<p>Entrevista en Onda Cero <a href=\"https:\/\/www.ondacero.es\/podcast\/programas\/julia-en-la-onda\/mesa-redaccion\/asi-son-nuevas-cestas-navidad-anticovid-pruebas-pcr-lugar-turron_202012075fce671c7ed1a84579c8a90a.html\" rel=\"nofollow noopener\" target=\"_blank\">https:\/\/www.ondacero.es\/podcast\/programas\/julia-en-la-onda\/mesa-redaccion\/asi-son-nuevas-cestas-navidad-anticovid-pruebas-pcr-lugar-turron_202012075fce671c7ed1a84579c8a90a.html<\/a><\/p>\n\n\n\n<ul class=\"wp-block-list\">\n<li><strong>Navidad: Cestas y aguinaldos en \u00e9poca de pandemia<\/strong>, Reportaje en &#8216; Territorio Vivo&#8217;, programa de Arag\u00f3n TV, 04\/12\/2020:<\/li>\n<\/ul>\n\n\n\n<iframe loading=\"lazy\" width=\"560\" height=\"315\" src=\"https:\/\/www.youtube.com\/embed\/e9t9Thl-kHM\" title=\"YouTube video player\" frameborder=\"0\" allow=\"accelerometer; autoplay; clipboard-write; encrypted-media; gyroscope; picture-in-picture\" allowfullscreen><\/iframe>\n\n\n\n<ul class=\"wp-block-list\">\n<li><strong>No hay crisis para las cestas de Navidad: \u00abSe les destina el dinero de la cena de empresa\u00bb<\/strong>, El Confidencial, 19\/11\/2020: <a href=\"https:\/\/www.elconfidencial.com\/empresas\/2020-11-19\/cesta-navidad-covid-cena-empresa_2838252\/\" rel=\"nofollow noopener\" target=\"_blank\">https:\/\/www.elconfidencial.com\/empresas\/2020-11-19\/cesta-navidad-covid-cena-empresa_2838252\/<\/a><\/li>\n\n\n\n<li><strong>Expertos en conquistar los paladares gourmet<\/strong>, Expansi\u00f3n, 22\/12\/2018: <a href=\"https:\/\/www.expansion.com\/pymes\/2018\/12\/22\/5c12732b46163fb8bb8b45c8.html\" rel=\"nofollow noopener\" target=\"_blank\">https:\/\/www.expansion.com\/pymes\/2018\/12\/22\/5c12732b46163fb8bb8b45c8.html<\/a><\/li>\n\n\n\n<li><strong>Reportaje en &#8216;Arag\u00f3n en Abierto<\/strong>&#8216;, programa de Arag\u00f3n TV, 12\/12\/2018:<\/li>\n<\/ul>\n\n\n\n<iframe loading=\"lazy\" width=\"560\" height=\"315\" src=\"https:\/\/www.youtube.com\/embed\/W9wl9BY5_eI\" title=\"YouTube video player\" frameborder=\"0\" allow=\"accelerometer; autoplay; clipboard-write; encrypted-media; gyroscope; picture-in-picture\" allowfullscreen><\/iframe>\n\n\n\n<ul class=\"wp-block-list\">\n<li><strong>FERIA DE TIENDAS VIRTUALES<\/strong>, El Peri\u00f3dico de Arag\u00f3n: <a href=\"http:\/\/www.elperiodicodearagon.com\/noticias\/feria-tiendas-virtuales-zaragoza\/cestalia_1191462.html\" rel=\"nofollow noopener\" target=\"_blank\">https:\/\/www.elperiodicodearagon.com\/noticias\/feria-tiendas-virtuales-zaragoza\/cestalia_1191462.html<\/a><\/li>\n\n\n\n<li><strong>La raz\u00f3n por la que ha subido el precio del jam\u00f3n Ib\u00e9rico, Libre Mercado<\/strong>, 13\/12\/2017: <a href=\"https:\/\/www.libremercado.com\/2017-12-13\/la-razon-por-la-que-ha-subido-el-precio-del-jamon-iberico-1276610557\/\" rel=\"nofollow noopener\" target=\"_blank\">https:\/\/www.libremercado.com\/2017-12-13\/la-razon-por-la-que-ha-subido-el-precio-del-jamon-iberico-1276610557\/<\/a><\/li>\n\n\n\n<li><strong>C\u00f3mo encontrar la cesta de navidad ideal online y recibirla esta misma semana<\/strong>, Cinco D\u00edas-El Pa\u00eds, 11\/12\/2017: <a href=\"https:\/\/cincodias.elpais.com\/cincodias\/2017\/12\/11\/lifestyle\/1513004851_541052.html\" rel=\"nofollow noopener\" target=\"_blank\">https:\/\/cincodias.elpais.com\/cincodias\/2017\/12\/11\/lifestyle\/1513004851_541052.html<\/a><\/li>\n\n\n\n<li><strong>El boicot a Catalu\u00f1a llega a las cestas de Navidad y amenaza al sector alimentario<\/strong>, Heraldo de Arag\u00f3n, 26\/11\/2017: <a href=\"https:\/\/www.heraldo.es\/noticias\/aragon\/2017\/11\/26\/el-boicot-cataluna-llega-las-cestas-navidad-amenaza-sector-alimentario-1210318-300.html\" rel=\"nofollow noopener\" target=\"_blank\">https:\/\/www.heraldo.es\/noticias\/aragon\/2017\/11\/26\/el-boicot-cataluna-llega-las-cestas-navidad-amenaza-sector-alimentario-1210318-300.html<\/a><\/li>\n\n\n\n<li><strong>El sector de las cestas resurge de sus cenizas<\/strong>, EFE Agro, 23\/12\/2016: <a href=\"https:\/\/www.efeagro.com\/noticia\/sector-las-cestas-navidad-resurge-cenizas\/\" rel=\"nofollow noopener\" target=\"_blank\">https:\/\/www.efeagro.com\/noticia\/sector-las-cestas-navidad-resurge-cenizas\/<\/a><\/li>\n\n\n\n<li><strong>Cestalia, lotes con primeras marcas para triunfar<\/strong>, Expansi\u00f3n, 22\/12\/2016: <a href=\"http:\/\/www.expansion.com\/pymes\/2016\/12\/22\/585c1843e5fdea93688b4653.html\" rel=\"nofollow noopener\" target=\"_blank\">http:\/\/www.expansion.com\/pymes\/2016\/12\/22\/585c1843e5fdea93688b4653.html<\/a><\/li>\n\n\n\n<li><strong>El sector de las cestas de Navidad resurge de sus cenizas,<\/strong> La Vanguardia, 21\/12\/2016: <a href=\"https:\/\/www.lavanguardia.com\/vida\/20161221\/412782989705\/el-sector-de-las-cestas-de-navidad-resurge-de-sus-cenizas.html\" rel=\"nofollow noopener\" target=\"_blank\">https:\/\/www.lavanguardia.com\/vida\/20161221\/412782989705\/el-sector-de-las-cestas-de-navidad-resurge-de-sus-cenizas.html<\/a><\/li>\n\n\n\n<li><strong>La \u2018segunda vida\u2019 de las cestas navide\u00f1as,<\/strong> EFE Agro, 10\/12\/2015: <a href=\"https:\/\/www.efeagro.com\/noticia\/la-segunda-vida-de-las-cestas-navidenas\/\" rel=\"nofollow noopener\" target=\"_blank\">https:\/\/www.efeagro.com\/noticia\/la-segunda-vida-de-las-cestas-navidenas\/<\/a><\/li>\n\n\n\n<li><strong>El comercio electr\u00f3nico sigue creciendo en Arag\u00f3n y ya aglutina al menos 700 empresas,<\/strong> Heraldo de Arag\u00f3n, 01\/11\/2015: <a href=\"https:\/\/www.heraldo.es\/noticias\/aragon\/2015\/10\/30\/el_comercio_electronico_sigue_creciendo_aragon_aglutina_menos_700_empresas_599541_300.html\" rel=\"nofollow noopener\" target=\"_blank\">https:\/\/www.heraldo.es\/noticias\/aragon\/2015\/10\/30\/el_comercio_electronico_sigue_creciendo_aragon_aglutina_menos_700_empresas_599541_300.html<\/a><\/li>\n\n\n\n<li><strong>Las cestas de Navidad se vuelven tem\u00e1ticas para sortear la crisis<\/strong>, Heraldo de Arag\u00f3n, 16\/12\/2014: <a href=\"https:\/\/www.heraldo.es\/noticias\/gastronomia\/2014\/12\/16\/las_cestas_navidad_vuelven_tematicas_para_sortear_crisis_328186_1311024.html\" rel=\"nofollow noopener\" target=\"_blank\">https:\/\/www.heraldo.es\/noticias\/gastronomia\/2014\/12\/16\/las_cestas_navidad_vuelven_tematicas_para_sortear_crisis_328186_1311024.html<\/a><\/li>\n\n\n\n<li><strong>\u00daltimo d\u00eda para participar en el sorteo de 5 cestas de Navidad con productos de Arag\u00f3n, <\/strong>Heraldo de Arag\u00f3n, 26\/11\/2014: <a href=\"https:\/\/www.heraldo.es\/noticias\/gastronomia\/2014\/11\/26\/sorteo_cestas_navidad_con_productos_aragon_324082_1311024.html\" rel=\"nofollow noopener\" target=\"_blank\"><span style=\"font-size: inherit;\">https:\/\/www.heraldo.es\/noticias\/gastronomia\/2014\/11\/26\/sorteo_cestas_navidad_con_productos_aragon_324082_1311024.html<\/span><\/a><\/li>\n<\/ul>\n","protected":false},"excerpt":{"rendered":"En este apartado incluimos todas las referencias de prensa hechas sobre Cestalia. Cada a\u00f1o, Cestalia se convierte en una empresa de referencia en Arag\u00f3n dentro del sector de los lotes y cestas de navidad, y la prensa local se hace eco de ello. Tambi\u00e9n la prensa nacional ha realizado reportajes&#8230; <a class=\"view-article\" href=\"https:\/\/www.cestalia.com\/blog\/referencias-de-prensa\">Ver art\u00edculo<\/a>","protected":false},"author":1,"featured_media":0,"parent":0,"menu_order":0,"comment_status":"open","ping_status":"open","template":"","meta":{"footnotes":""},"class_list":["post-16","page","type-page","status-publish","hentry"],"_links":{"self":[{"href":"https:\/\/www.cestalia.com\/blog\/wp-json\/wp\/v2\/pages\/16","targetHints":{"allow":["GET"]}}],"collection":[{"href":"https:\/\/www.cestalia.com\/blog\/wp-json\/wp\/v2\/pages"}],"about":[{"href":"https:\/\/www.cestalia.com\/blog\/wp-json\/wp\/v2\/types\/page"}],"author":[{"embeddable":true,"href":"https:\/\/www.cestalia.com\/blog\/wp-json\/wp\/v2\/users\/1"}],"replies":[{"embeddable":true,"href":"https:\/\/www.cestalia.com\/blog\/wp-json\/wp\/v2\/comments?post=16"}],"version-history":[{"count":8,"href":"https:\/\/www.cestalia.com\/blog\/wp-json\/wp\/v2\/pages\/16\/revisions"}],"predecessor-version":[{"id":1357,"href":"https:\/\/www.cestalia.com\/blog\/wp-json\/wp\/v2\/pages\/16\/revisions\/1357"}],"wp:attachment":[{"href":"https:\/\/www.cestalia.com\/blog\/wp-json\/wp\/v2\/media?parent=16"}],"curies":[{"name":"wp","href":"https:\/\/api.w.org\/{rel}","templated":true}]}}